{"id":104,"date":"2020-03-24T18:52:23","date_gmt":"2020-03-24T18:52:23","guid":{"rendered":"http:\/\/praxisdevries.de\/?page_id=104"},"modified":"2026-02-20T06:54:12","modified_gmt":"2026-02-20T06:54:12","slug":"aktuelles","status":"publish","type":"page","link":"https:\/\/praxisdevries.de\/?page_id=104","title":{"rendered":"Aktuelles"},"content":{"rendered":"\n<p><\/p>\n\n\n\n<p><strong>KAFFEE trinken verringert Risiko auf Demenz<\/strong> | Die morgendliche Tasse Kaffee bewirkt m\u00f6glicherweise mehr, als nur Ihre Energie zu steigern. Eine gro\u00dfe Langzeitstudie ergab, dass Menschen, die t\u00e4glich zwei bis drei Tassen koffeinhaltigen Kaffee tranken, ein geringeres Risiko hatten, an Demenz zu erkranken, verglichen mit Personen, die selten Koffein konsumierten. \u00c4hnliche Vorteile wurden bei ein bis zwei Tassen koffeinhaltigem Tee pro Tag beobachtet. Interessanterweise zeigte entkoffeinierter Kaffee keinen vergleichbaren Zusammenhang, was darauf hindeutet, dass Koffein selbst eine wichtige Rolle spielen k\u00f6nnte. Forscher gehen davon aus, dass Koffein die Gesundheit des Gehirns unterst\u00fctzen kann, indem es Entz\u00fcndungen reduziert und die Gef\u00e4\u00dffunktion f\u00f6rdert. Obwohl diese Studie einen Zusammenhang und keine direkte Ursache-Wirkungs-Beziehung nachweist, tr\u00e4gt sie zu der wachsenden Evidenz bei, dass ein moderater Koffeinkonsum Teil eines gehirngesunden Lebensstils sein k\u00f6nnte. (20.02.26 | Rick de Vries)<\/p>\n\n\n\n<p><\/p>\n\n\n\n<p><strong>ARTHROSE verstehen &#8211; und selbst aktiv beeinflussen<\/strong> | Was moderne Studien zu Ern\u00e4hrung und Lebensstil zeigen. Arthrose ist mehr als reiner Gelenkverschlei\u00df. Besonders bei Menschen mit \u00dcbergewicht, erh\u00f6htem Blutzucker, Bluthochdruck oder Fettstoffwechselst\u00f6rungen spielen <strong>Entz\u00fcndungen im gesamten K\u00f6rper<\/strong>&nbsp;eine zentrale Rolle. Aktuelle Studien aus den Niederlanden zeigen (Dr. Carlijn A. Wagenaar et all, UMC Amsterdam) : Ein gezieltes Lebensstilprogramm kann Schmerzen lindern, die Beweglichkeit verbessern und gleichzeitig die Stoffwechselgesundheit positiv beeinflussen. <br><strong>Das Konzept: \u201ePlants for Joints&#8220; <\/strong>ist ein wissenschaftlich untersuchtes, 16-w\u00f6chiges Lebensstilprogramm. Es erg\u00e4nzt die medizinische Standardtherapie und setzt auf drei S\u00e4ulen:<br><strong>Pflanzenbetonte, vollwertige Ern\u00e4hrung.<\/strong> Reich an Gem\u00fcse, Obst, H\u00fclsenfr\u00fcchten und Vollkornprodukten.<br><strong>Regelm\u00e4\u00dfige Bewegung<\/strong> Ausdauer- und sanftes Krafttraining angepasst an die individuelle Belastbarkeit<br><strong>Stress- und Schlafmanagement<\/strong> Entspannungs\u00fcbungen und F\u00f6rderung eines gesunden Schlafs.<br><br>Positive Effekte auf Gewicht und Stoffwechsel<br>. deutlicher Gewichts- und Fettmassenreduktion <br>. Verbesserung von Blutzucker- und Cholesterinwerten<br>. Abnahme von Entz\u00fcndungsmarkern.<br><br>Nachhaltige Wirkung: Auch ein Jahr nach Programmende waren viele Verbesserungen weiterhin messbar \u2013 besonders bei Personen, die den Lebensstil langfristig beibehielten. Wichtig: Muskelmasse, Kraft und Knochendichte blieben erhalten. <br><strong>Unser Ansatz<\/strong> : Wir begleiten Sie evidenzbasiert und individuell bei der Umsetzung eines gelenk- und stoffwechselgesunden Lebensstils. Sprechen Sie uns gerne an. <br>(04.02.26 | Rick de Vries)<\/p>\n\n\n\n<p><\/p>\n\n\n\n<p><\/p>\n\n\n\n<h3 class=\"wp-block-heading\"><\/h3>\n\n\n\n<p><strong>KNIE- und H\u00dcFTARTHROSE<\/strong> | Die Hochschule f\u00fcr Gesundheit in Bochum sucht f\u00fcr eine Studie Patientinnen und Patienten, die an Knie- und\/oder H\u00fcftarthrose leiden. Im Rahmen des Pilotprojekts SmArt-E (Smartphone-assistiertes Trainings- und Edukationsprogramm f\u00fcr Menschen mit H\u00fcft- und Kniearthrose) sollen diese mithilfe einer App ein zw\u00f6lfmonatiges Programm absolvieren. Der IFK, die Charit\u00e9 Berlin und die Techniker Krankenkasse sind unter anderen ebenfalls Partner des&nbsp;<a href=\"https:\/\/ifk.de\/verband\/verband\/was-wir-tun\/innovationsprojekte\/smart-e\">Innovationsprojektes SmArt-E<\/a>. <\/p>\n\n\n\n<p>Ziel der Studie ist es, die Wirksamkeit von SmArt-E f\u00fcr Personen mit Knie- und\/oder H\u00fcftarthrose im Vergleich zur derzeitigen Regelversorgung zu untersuchen. Die Teilnehmenden werden per Zufall der Gruppe mit SmArt-E-Intervention oder der reinen Regelversorgung zugeteilt. Innerhalb der zw\u00f6lfmonatigen Studiendauer werden drei Messtermine angesetzt, bei denen jeweils Kraft und Gleichgewicht getestet werden. Au\u00dferdem werden \u00fcber einen Fragebogen weitere Informationen zur Person und zum aktuellen Gesundheitszustand erfasst.&nbsp;Teilnehmen k\u00f6nnen Personen mit Kniearthrose (ab 38 Jahren) und\/oder mit H\u00fcftarthrose (ab 50 Jahren), die bei der Techniker Krankenkasse versichert sind.&nbsp;Anmeldung und weitere Informationen zur Studienteilnahme erhalten interessierte Personen bei der Hochschule f\u00fcr Gesundheit Bochum, Franziska Weber und Dr. Carsten M\u00fcller. Telefon: 0234 77727-692. E-Mail: smart-e@hs-gesundheit.de. (04.12.2022 |&nbsp;Rick de Vries)<a href=\"https:\/\/ifk.de\/\"><\/a><\/p>\n\n\n\n<p><strong>CORONA im Herbst<\/strong> | Physiotherapiepraxen in Nordrhein-Westfalen (NRW) d\u00fcrfen auch ab dem 2. November im derzeitigen Rahmen Patienten behandeln. Das umfasst unter Beachtung der gelten Abstands- und Hygienevorschriften auch Pr\u00e4ventionskurse und Gruppenbehandlungen. Das geht aus der neuen \u201eVerordnung zum Schutz vor Neuinfizierungen mit dem Coronavirus SARS-CoV-2\u201c hervor, die das Land NRW jetzt ver\u00f6ffentlichte. Darin sind Ma\u00dfnahmen formuliert, die die Ausbreitung der Corona-Pandemie einschr\u00e4nken sollen&#8230;&#8230;<br>(03.11.2020 | Rick de Vries)<\/p>\n\n\n\n<p><strong>TELETHERAPIE<\/strong> | W\u00e4hrend der Corona-Krise k\u00f6nnen Physiotherapeuten in einigen F\u00e4llen auch Teletherapie anbieten. Damit ist jedoch ausschlie\u00dflich eine Videobehandlung gemeint, keine telefonische Beratung. Das hat der Spitzenverband der Gesetzlichen Krankenversicherer (GKV-SV) nun nochmals klargestellt.<br>Videobehandlungen sind in der Physiotherapie f\u00fcr die folgenden Positionen m\u00f6glich: Krankengymnastik (auch KG-Atemtherapie) und Krankengymnastik-Mukoviscidose.<br>Die Deutsche Gesetzliche Unfallversicherung (DGUV) hat sich den&nbsp;Empfehlungen&nbsp;des GKV-SV angeschlossen. Und auch bei Privatpatienten sind Videobehandlungen m\u00f6glich&#8230;&#8230;&#8230;&#8230;&#8230;&#8230; <br>(08.04.2020 | Rick de Vries)<\/p>\n\n\n\n<p><strong>CORONA<\/strong> | F\u00fcr immer mehr Regionen in Deutschland gelten aufgrund der Corona-Infektionswelle Allgemeinverf\u00fcgungen, die Teile des \u00f6ffentlichen Lebens einschr\u00e4nken. Wichtig: Stand jetzt m\u00fcssen aufgrund der Allgemeinverf\u00fcgungen keine Physiotherapiepraxen geschlossen werden.<br>Die Allgemeinverf\u00fcgungen beinhalten derzeit prim\u00e4r Regelungen f\u00fcr Bildungseinrichtungen und Freizeitaktivit\u00e4ten im weiteren Sinne. Physiotherapiepraxen fallen nicht darunter. Die Behandlung von Patienten, die mit einer g\u00fcltigen Verordnung in die Physiotherapiepraxis kommen, ist weiterhin uneingeschr\u00e4nkt m\u00f6glich. Wir haben genug Kapazit\u00e4ten frei&#8230;&#8230;(20.03.2020 | Rick de Vries)<\/p>\n","protected":false},"excerpt":{"rendered":"<p class=\"qua-blog-post-description\">KAFFEE trinken verringert Risiko auf Demenz | Die morgendliche Tasse Kaffee bewirkt m\u00f6glicherweise mehr, als nur Ihre Energie zu steigern. Eine gro\u00dfe Langzeitstudie ergab, dass Menschen, die t\u00e4glich zwei bis drei Tassen koffeinhaltigen Kaffee tranken, ein geringeres Risiko hatten, an Demenz zu erkranken, verglichen mit Personen, die selten Koffein konsumierten. \u00c4hnliche Vorteile wurden bei ein<\/p>\n<p class=\"qua-blog-post-description\"><a href=\"https:\/\/praxisdevries.de\/?page_id=104#more-104\" class=\"more-link\">Weiterlesen<\/a><\/p>\n","protected":false},"author":1,"featured_media":0,"parent":0,"menu_order":0,"comment_status":"closed","ping_status":"closed","template":"","meta":{"footnotes":""},"class_list":["post-104","page","type-page","status-publish","hentry"],"yoast_head":"<!-- This site is optimized with the Yoast SEO plugin v27.5 - https:\/\/yoast.com\/product\/yoast-seo-wordpress\/ -->\n<title>Aktuelles - Praxis de Vries<\/title>\n<meta name=\"robots\" content=\"index, follow, max-snippet:-1, max-image-preview:large, max-video-preview:-1\" \/>\n<link rel=\"canonical\" href=\"https:\/\/praxisdevries.de\/?page_id=104\" \/>\n<meta property=\"og:locale\" content=\"de_DE\" \/>\n<meta property=\"og:type\" content=\"article\" \/>\n<meta property=\"og:title\" content=\"Aktuelles - Praxis de Vries\" \/>\n<meta property=\"og:description\" content=\"KAFFEE trinken verringert Risiko auf Demenz | Die morgendliche Tasse Kaffee bewirkt m\u00f6glicherweise mehr, als nur Ihre Energie zu steigern. Eine gro\u00dfe Langzeitstudie ergab, dass Menschen, die t\u00e4glich zwei bis drei Tassen koffeinhaltigen Kaffee tranken, ein geringeres Risiko hatten, an Demenz zu erkranken, verglichen mit Personen, die selten Koffein konsumierten. \u00c4hnliche Vorteile wurden bei einWeiterlesen\" \/>\n<meta property=\"og:url\" content=\"https:\/\/praxisdevries.de\/?page_id=104\" \/>\n<meta property=\"og:site_name\" content=\"Praxis de Vries\" \/>\n<meta property=\"article:modified_time\" content=\"2026-02-20T06:54:12+00:00\" \/>\n<meta name=\"twitter:card\" content=\"summary_large_image\" \/>\n<meta name=\"twitter:label1\" content=\"Gesch\u00e4tzte Lesezeit\" \/>\n\t<meta name=\"twitter:data1\" content=\"5\u00a0Minuten\" \/>\n<script type=\"application\/ld+json\" class=\"yoast-schema-graph\">{\"@context\":\"https:\\\/\\\/schema.org\",\"@graph\":[{\"@type\":\"WebPage\",\"@id\":\"https:\\\/\\\/praxisdevries.de\\\/?page_id=104\",\"url\":\"https:\\\/\\\/praxisdevries.de\\\/?page_id=104\",\"name\":\"Aktuelles - Praxis de Vries\",\"isPartOf\":{\"@id\":\"https:\\\/\\\/praxisdevries.de\\\/#website\"},\"datePublished\":\"2020-03-24T18:52:23+00:00\",\"dateModified\":\"2026-02-20T06:54:12+00:00\",\"breadcrumb\":{\"@id\":\"https:\\\/\\\/praxisdevries.de\\\/?page_id=104#breadcrumb\"},\"inLanguage\":\"de\",\"potentialAction\":[{\"@type\":\"ReadAction\",\"target\":[\"https:\\\/\\\/praxisdevries.de\\\/?page_id=104\"]}]},{\"@type\":\"BreadcrumbList\",\"@id\":\"https:\\\/\\\/praxisdevries.de\\\/?page_id=104#breadcrumb\",\"itemListElement\":[{\"@type\":\"ListItem\",\"position\":1,\"name\":\"Startseite\",\"item\":\"https:\\\/\\\/praxisdevries.de\\\/\"},{\"@type\":\"ListItem\",\"position\":2,\"name\":\"Aktuelles\"}]},{\"@type\":\"WebSite\",\"@id\":\"https:\\\/\\\/praxisdevries.de\\\/#website\",\"url\":\"https:\\\/\\\/praxisdevries.de\\\/\",\"name\":\"Praxis de Vries\",\"description\":\"Die Physiotherapeuten\",\"potentialAction\":[{\"@type\":\"SearchAction\",\"target\":{\"@type\":\"EntryPoint\",\"urlTemplate\":\"https:\\\/\\\/praxisdevries.de\\\/?s={search_term_string}\"},\"query-input\":{\"@type\":\"PropertyValueSpecification\",\"valueRequired\":true,\"valueName\":\"search_term_string\"}}],\"inLanguage\":\"de\"}]}<\/script>\n<!-- \/ Yoast SEO plugin. -->","yoast_head_json":{"title":"Aktuelles - Praxis de Vries","robots":{"index":"index","follow":"follow","max-snippet":"max-snippet:-1","max-image-preview":"max-image-preview:large","max-video-preview":"max-video-preview:-1"},"canonical":"https:\/\/praxisdevries.de\/?page_id=104","og_locale":"de_DE","og_type":"article","og_title":"Aktuelles - Praxis de Vries","og_description":"KAFFEE trinken verringert Risiko auf Demenz | Die morgendliche Tasse Kaffee bewirkt m\u00f6glicherweise mehr, als nur Ihre Energie zu steigern. Eine gro\u00dfe Langzeitstudie ergab, dass Menschen, die t\u00e4glich zwei bis drei Tassen koffeinhaltigen Kaffee tranken, ein geringeres Risiko hatten, an Demenz zu erkranken, verglichen mit Personen, die selten Koffein konsumierten. \u00c4hnliche Vorteile wurden bei einWeiterlesen","og_url":"https:\/\/praxisdevries.de\/?page_id=104","og_site_name":"Praxis de Vries","article_modified_time":"2026-02-20T06:54:12+00:00","twitter_card":"summary_large_image","twitter_misc":{"Gesch\u00e4tzte Lesezeit":"5\u00a0Minuten"},"schema":{"@context":"https:\/\/schema.org","@graph":[{"@type":"WebPage","@id":"https:\/\/praxisdevries.de\/?page_id=104","url":"https:\/\/praxisdevries.de\/?page_id=104","name":"Aktuelles - Praxis de Vries","isPartOf":{"@id":"https:\/\/praxisdevries.de\/#website"},"datePublished":"2020-03-24T18:52:23+00:00","dateModified":"2026-02-20T06:54:12+00:00","breadcrumb":{"@id":"https:\/\/praxisdevries.de\/?page_id=104#breadcrumb"},"inLanguage":"de","potentialAction":[{"@type":"ReadAction","target":["https:\/\/praxisdevries.de\/?page_id=104"]}]},{"@type":"BreadcrumbList","@id":"https:\/\/praxisdevries.de\/?page_id=104#breadcrumb","itemListElement":[{"@type":"ListItem","position":1,"name":"Startseite","item":"https:\/\/praxisdevries.de\/"},{"@type":"ListItem","position":2,"name":"Aktuelles"}]},{"@type":"WebSite","@id":"https:\/\/praxisdevries.de\/#website","url":"https:\/\/praxisdevries.de\/","name":"Praxis de Vries","description":"Die Physiotherapeuten","potentialAction":[{"@type":"SearchAction","target":{"@type":"EntryPoint","urlTemplate":"https:\/\/praxisdevries.de\/?s={search_term_string}"},"query-input":{"@type":"PropertyValueSpecification","valueRequired":true,"valueName":"search_term_string"}}],"inLanguage":"de"}]}},"_links":{"self":[{"href":"https:\/\/praxisdevries.de\/index.php?rest_route=\/wp\/v2\/pages\/104","targetHints":{"allow":["GET"]}}],"collection":[{"href":"https:\/\/praxisdevries.de\/index.php?rest_route=\/wp\/v2\/pages"}],"about":[{"href":"https:\/\/praxisdevries.de\/index.php?rest_route=\/wp\/v2\/types\/page"}],"author":[{"embeddable":true,"href":"https:\/\/praxisdevries.de\/index.php?rest_route=\/wp\/v2\/users\/1"}],"replies":[{"embeddable":true,"href":"https:\/\/praxisdevries.de\/index.php?rest_route=%2Fwp%2Fv2%2Fcomments&post=104"}],"version-history":[{"count":15,"href":"https:\/\/praxisdevries.de\/index.php?rest_route=\/wp\/v2\/pages\/104\/revisions"}],"predecessor-version":[{"id":713,"href":"https:\/\/praxisdevries.de\/index.php?rest_route=\/wp\/v2\/pages\/104\/revisions\/713"}],"wp:attachment":[{"href":"https:\/\/praxisdevries.de\/index.php?rest_route=%2Fwp%2Fv2%2Fmedia&parent=104"}],"curies":[{"name":"wp","href":"https:\/\/api.w.org\/{rel}","templated":true}]}}